{"id":1409,"date":"2023-11-14T15:08:52","date_gmt":"2023-11-14T14:08:52","guid":{"rendered":"https:\/\/www.lachtal.at\/sommer\/"},"modified":"2026-03-30T12:39:19","modified_gmt":"2026-03-30T10:39:19","slug":"nyar","status":"publish","type":"page","link":"https:\/\/www.lachtal.at\/hu\/","title":{"rendered":"Startoldal &#8211; Ny\u00e1r"},"content":{"rendered":"<div class=\"acf-fc-column acf-fc-column-1\">\n<h1>Ny\u00e1r<\/h1>\n<p class=\"large\">Lachtal ny\u00e1ron is kedvelt \u00fatic\u00e9l, ide\u00e1lis fekv\u00e9s\u00e9vel \u00e9s hatalmas ter\u00fclet\u00e9vel idevonzza a t\u00far\u00e1zni v\u00e1gy\u00f3kat. A lachtal-i 6-szem\u00e9lyes \u00fcl\u0151 lift 2.000 m\u00e9ter magasba visz fel. A hegy\u00e1llom\u00e1s ide\u00e1lis kiindul\u00f3pont egy kit\u0171n\u0151 t\u00far\u00e1hoz \u2013 vezessen ak\u00e1r a cs\u00facsra vagy a gerincen \u00e1t \u2013 amelyhez csod\u00e1s panor\u00e1ma is t\u00e1rsul.<\/p>\n<\/p><\/div>\n<div class=\"acf-fc-column acf-fc-column-1\">\n<h1>\u00c1rak<\/h1>\n<\/p><\/div>\n<div class=\"acf-fc-column acf-fc-column-1\">\n<p style=\"text-align: center;\"><a href=\"https:\/\/www.steiermark-card.net\/\"><img loading=\"lazy\" decoding=\"async\" class=\"aligncenter wp-image-2684 size-content_tiny\" src=\"https:\/\/www.lachtal.at\/wp-content\/uploads\/2025\/07\/Steiermark-Card-2024-150x95.png\" alt=\"\" width=\"150\" height=\"95\" srcset=\"https:\/\/www.lachtal.at\/wp-content\/uploads\/2025\/07\/Steiermark-Card-2024-150x95.png 150w, https:\/\/www.lachtal.at\/wp-content\/uploads\/2025\/07\/Steiermark-Card-2024-300x189.png 300w, https:\/\/www.lachtal.at\/wp-content\/uploads\/2025\/07\/Steiermark-Card-2024-768x484.png 768w, https:\/\/www.lachtal.at\/wp-content\/uploads\/2025\/07\/Steiermark-Card-2024-127x80.png 127w, https:\/\/www.lachtal.at\/wp-content\/uploads\/2025\/07\/Steiermark-Card-2024-200x126.png 200w, https:\/\/www.lachtal.at\/wp-content\/uploads\/2025\/07\/Steiermark-Card-2024-250x158.png 250w, https:\/\/www.lachtal.at\/wp-content\/uploads\/2025\/07\/Steiermark-Card-2024-350x221.png 350w, https:\/\/www.lachtal.at\/wp-content\/uploads\/2025\/07\/Steiermark-Card-2024-400x252.png 400w, https:\/\/www.lachtal.at\/wp-content\/uploads\/2025\/07\/Steiermark-Card-2024-800x504.png 800w, https:\/\/www.lachtal.at\/wp-content\/uploads\/2025\/07\/Steiermark-Card-2024-650x410.png 650w, https:\/\/www.lachtal.at\/wp-content\/uploads\/2025\/07\/Steiermark-Card-2024-412x260.png 412w, https:\/\/www.lachtal.at\/wp-content\/uploads\/2025\/07\/Steiermark-Card-2024-222x140.png 222w, https:\/\/www.lachtal.at\/wp-content\/uploads\/2025\/07\/Steiermark-Card-2024-438x276.png 438w, https:\/\/www.lachtal.at\/wp-content\/uploads\/2025\/07\/Steiermark-Card-2024-645x406.png 645w, https:\/\/www.lachtal.at\/wp-content\/uploads\/2025\/07\/Steiermark-Card-2024-271x171.png 271w, https:\/\/www.lachtal.at\/wp-content\/uploads\/2025\/07\/Steiermark-Card-2024-420x265.png 420w, https:\/\/www.lachtal.at\/wp-content\/uploads\/2025\/07\/Steiermark-Card-2024-690x435.png 690w, https:\/\/www.lachtal.at\/wp-content\/uploads\/2025\/07\/Steiermark-Card-2024-910x573.png 910w, https:\/\/www.lachtal.at\/wp-content\/uploads\/2025\/07\/Steiermark-Card-2024-560x353.png 560w, https:\/\/www.lachtal.at\/wp-content\/uploads\/2025\/07\/Steiermark-Card-2024-1000x637.png 1000w, https:\/\/www.lachtal.at\/wp-content\/uploads\/2025\/07\/Steiermark-Card-2024-119x75.png 119w, https:\/\/www.lachtal.at\/wp-content\/uploads\/2025\/07\/Steiermark-Card-2024-159x100.png 159w, https:\/\/www.lachtal.at\/wp-content\/uploads\/2025\/07\/Steiermark-Card-2024-206x130.png 206w, https:\/\/www.lachtal.at\/wp-content\/uploads\/2025\/07\/Steiermark-Card-2024-317x200.png 317w, https:\/\/www.lachtal.at\/wp-content\/uploads\/2025\/07\/Steiermark-Card-2024-476x300.png 476w, https:\/\/www.lachtal.at\/wp-content\/uploads\/2025\/07\/Steiermark-Card-2024-635x400.png 635w, https:\/\/www.lachtal.at\/wp-content\/uploads\/2025\/07\/Steiermark-Card-2024.png 1011w\" sizes=\"auto, (max-width: 150px) 100vw, 150px\" data-lightbox-title=\"Steiermark-Card-2024\" data-lightbox-alt=\"\" data-lightbox-caption=\"\" data-lightbox-srcset=\"https:\/\/www.lachtal.at\/wp-content\/uploads\/2025\/07\/Steiermark-Card-2024-250x158.png 250w, https:\/\/www.lachtal.at\/wp-content\/uploads\/2025\/07\/Steiermark-Card-2024-300x189.png 300w, https:\/\/www.lachtal.at\/wp-content\/uploads\/2025\/07\/Steiermark-Card-2024-768x484.png 768w, https:\/\/www.lachtal.at\/wp-content\/uploads\/2025\/07\/Steiermark-Card-2024-127x80.png 127w, https:\/\/www.lachtal.at\/wp-content\/uploads\/2025\/07\/Steiermark-Card-2024-150x95.png 150w, https:\/\/www.lachtal.at\/wp-content\/uploads\/2025\/07\/Steiermark-Card-2024-200x126.png 200w, https:\/\/www.lachtal.at\/wp-content\/uploads\/2025\/07\/Steiermark-Card-2024-350x221.png 350w, https:\/\/www.lachtal.at\/wp-content\/uploads\/2025\/07\/Steiermark-Card-2024-400x252.png 400w, https:\/\/www.lachtal.at\/wp-content\/uploads\/2025\/07\/Steiermark-Card-2024-800x504.png 800w, https:\/\/www.lachtal.at\/wp-content\/uploads\/2025\/07\/Steiermark-Card-2024-650x410.png 650w, https:\/\/www.lachtal.at\/wp-content\/uploads\/2025\/07\/Steiermark-Card-2024-412x260.png 412w, https:\/\/www.lachtal.at\/wp-content\/uploads\/2025\/07\/Steiermark-Card-2024-222x140.png 222w, https:\/\/www.lachtal.at\/wp-content\/uploads\/2025\/07\/Steiermark-Card-2024-438x276.png 438w, https:\/\/www.lachtal.at\/wp-content\/uploads\/2025\/07\/Steiermark-Card-2024-645x406.png 645w, https:\/\/www.lachtal.at\/wp-content\/uploads\/2025\/07\/Steiermark-Card-2024-271x171.png 271w, https:\/\/www.lachtal.at\/wp-content\/uploads\/2025\/07\/Steiermark-Card-2024-420x265.png 420w, https:\/\/www.lachtal.at\/wp-content\/uploads\/2025\/07\/Steiermark-Card-2024-690x435.png 690w, https:\/\/www.lachtal.at\/wp-content\/uploads\/2025\/07\/Steiermark-Card-2024-910x573.png 910w, https:\/\/www.lachtal.at\/wp-content\/uploads\/2025\/07\/Steiermark-Card-2024-560x353.png 560w, https:\/\/www.lachtal.at\/wp-content\/uploads\/2025\/07\/Steiermark-Card-2024-1000x637.png 1000w, https:\/\/www.lachtal.at\/wp-content\/uploads\/2025\/07\/Steiermark-Card-2024-119x75.png 119w, https:\/\/www.lachtal.at\/wp-content\/uploads\/2025\/07\/Steiermark-Card-2024-159x100.png 159w, https:\/\/www.lachtal.at\/wp-content\/uploads\/2025\/07\/Steiermark-Card-2024-206x130.png 206w, https:\/\/www.lachtal.at\/wp-content\/uploads\/2025\/07\/Steiermark-Card-2024-317x200.png 317w, https:\/\/www.lachtal.at\/wp-content\/uploads\/2025\/07\/Steiermark-Card-2024-476x300.png 476w, https:\/\/www.lachtal.at\/wp-content\/uploads\/2025\/07\/Steiermark-Card-2024-635x400.png 635w, https:\/\/www.lachtal.at\/wp-content\/uploads\/2025\/07\/Steiermark-Card-2024.png 1011w\" data-lightbox-width=\"1011\" data-lightbox-height=\"637\" data-lightbox-thumb-src=\"https:\/\/www.lachtal.at\/wp-content\/uploads\/2025\/07\/Steiermark-Card-2024-250x158.png\" data-lightbox-thumb-cropped=\"true\" data-lightbox-setup-ready=\"true\" \/><\/a>Itt \u00e9rv\u00e9nyes a <a href=\"https:\/\/www.steiermark-card.net\/\">Steiermark-Card<\/a>!<\/p>\n<\/p><\/div>\n<div class=\"acf-fc-column acf-fc-column-2\">\n<p style=\"text-align: center;\"><a href=\"https:\/\/www.steiermark.com\/de\/Murau\/Urlaub-planen\/Murau-GaesteCard\"><img loading=\"lazy\" decoding=\"async\" class=\"aligncenter wp-image-2520 size-content_tiny\" src=\"https:\/\/www.lachtal.at\/wp-content\/uploads\/2025\/04\/GaesteCard_PARTNER_Button-150x143.png\" alt=\"\" width=\"150\" height=\"143\" data-lightbox-title=\"G\u00e4steCard_PARTNER_Button\" data-lightbox-alt=\"\" data-lightbox-caption=\"\" data-lightbox-srcset=\"https:\/\/www.lachtal.at\/wp-content\/uploads\/2025\/04\/GaesteCard_PARTNER_Button-250x240.png 250w, https:\/\/www.lachtal.at\/wp-content\/uploads\/2025\/04\/GaesteCard_PARTNER_Button-300x288.png 300w, https:\/\/www.lachtal.at\/wp-content\/uploads\/2025\/04\/GaesteCard_PARTNER_Button-768x737.png 768w, https:\/\/www.lachtal.at\/wp-content\/uploads\/2025\/04\/GaesteCard_PARTNER_Button-1024x983.png 1024w, https:\/\/www.lachtal.at\/wp-content\/uploads\/2025\/04\/GaesteCard_PARTNER_Button-83x80.png 83w, https:\/\/www.lachtal.at\/wp-content\/uploads\/2025\/04\/GaesteCard_PARTNER_Button-32x32.png 32w, https:\/\/www.lachtal.at\/wp-content\/uploads\/2025\/04\/GaesteCard_PARTNER_Button-150x144.png 150w, https:\/\/www.lachtal.at\/wp-content\/uploads\/2025\/04\/GaesteCard_PARTNER_Button-200x192.png 200w, https:\/\/www.lachtal.at\/wp-content\/uploads\/2025\/04\/GaesteCard_PARTNER_Button-350x336.png 350w, https:\/\/www.lachtal.at\/wp-content\/uploads\/2025\/04\/GaesteCard_PARTNER_Button-400x384.png 400w, https:\/\/www.lachtal.at\/wp-content\/uploads\/2025\/04\/GaesteCard_PARTNER_Button-800x768.png 800w, https:\/\/www.lachtal.at\/wp-content\/uploads\/2025\/04\/GaesteCard_PARTNER_Button-650x624.png 650w, https:\/\/www.lachtal.at\/wp-content\/uploads\/2025\/04\/GaesteCard_PARTNER_Button-412x395.png 412w, https:\/\/www.lachtal.at\/wp-content\/uploads\/2025\/04\/GaesteCard_PARTNER_Button-78x75.png 78w, https:\/\/www.lachtal.at\/wp-content\/uploads\/2025\/04\/GaesteCard_PARTNER_Button-104x100.png 104w, https:\/\/www.lachtal.at\/wp-content\/uploads\/2025\/04\/GaesteCard_PARTNER_Button-135x130.png 135w, https:\/\/www.lachtal.at\/wp-content\/uploads\/2025\/04\/GaesteCard_PARTNER_Button-208x200.png 208w, https:\/\/www.lachtal.at\/wp-content\/uploads\/2025\/04\/GaesteCard_PARTNER_Button-313x300.png 313w, https:\/\/www.lachtal.at\/wp-content\/uploads\/2025\/04\/GaesteCard_PARTNER_Button-417x400.png 417w, https:\/\/www.lachtal.at\/wp-content\/uploads\/2025\/04\/GaesteCard_PARTNER_Button-146x140.png 146w, https:\/\/www.lachtal.at\/wp-content\/uploads\/2025\/04\/GaesteCard_PARTNER_Button-438x420.png 438w, https:\/\/www.lachtal.at\/wp-content\/uploads\/2025\/04\/GaesteCard_PARTNER_Button-645x619.png 645w, https:\/\/www.lachtal.at\/wp-content\/uploads\/2025\/04\/GaesteCard_PARTNER_Button-271x260.png 271w, https:\/\/www.lachtal.at\/wp-content\/uploads\/2025\/04\/GaesteCard_PARTNER_Button-420x403.png 420w, https:\/\/www.lachtal.at\/wp-content\/uploads\/2025\/04\/GaesteCard_PARTNER_Button-1010x969.png 1010w, https:\/\/www.lachtal.at\/wp-content\/uploads\/2025\/04\/GaesteCard_PARTNER_Button-690x662.png 690w, https:\/\/www.lachtal.at\/wp-content\/uploads\/2025\/04\/GaesteCard_PARTNER_Button-910x873.png 910w, https:\/\/www.lachtal.at\/wp-content\/uploads\/2025\/04\/GaesteCard_PARTNER_Button-560x537.png 560w, https:\/\/www.lachtal.at\/wp-content\/uploads\/2025\/04\/GaesteCard_PARTNER_Button.png 1044w\" data-lightbox-width=\"1044\" data-lightbox-height=\"1002\" data-lightbox-thumb-src=\"https:\/\/www.lachtal.at\/wp-content\/uploads\/2025\/04\/GaesteCard_PARTNER_Button-250x240.png\" data-lightbox-thumb-cropped=\"true\" data-lightbox-setup-ready=\"true\" \/><\/a>Itt \u00e9rv\u00e9nyes a <a href=\"https:\/\/www.steiermark.com\/de\/Murau\/Urlaub-planen\/Murau-GaesteCard\">Murau G\u00e4steCard<\/a>.<\/p>\n<\/p><\/div>\n<div class=\"acf-fc-column acf-fc-column-3\">\n\t\t\t<\/div>\n<div class=\"acf-fc-column acf-fc-column-4\">\n\t\t\t<\/div>\n<div>\n<div>\n\t\t\t<img width=\"250\" height=\"109\" src=\"https:\/\/www.lachtal.at\/wp-content\/uploads\/2023\/11\/Slider01-250x109.jpg?ver=20231114135651\" class=\"alignleft\" alt=\"\" decoding=\"async\" loading=\"lazy\" srcset=\"https:\/\/www.lachtal.at\/wp-content\/uploads\/2023\/11\/Slider01-250x109.jpg?ver=20231114135651 250w, https:\/\/www.lachtal.at\/wp-content\/uploads\/2023\/11\/Slider01-300x131.jpg?ver=20231114135651 300w, https:\/\/www.lachtal.at\/wp-content\/uploads\/2023\/11\/Slider01-768x336.jpg?ver=20231114135651 768w, https:\/\/www.lachtal.at\/wp-content\/uploads\/2023\/11\/Slider01-1024x448.jpg?ver=20231114135651 1024w, https:\/\/www.lachtal.at\/wp-content\/uploads\/2023\/11\/Slider01-1536x672.jpg?ver=20231114135651 1536w, https:\/\/www.lachtal.at\/wp-content\/uploads\/2023\/11\/Slider01-183x80.jpg?ver=20231114135651 183w, https:\/\/www.lachtal.at\/wp-content\/uploads\/2023\/11\/Slider01-150x66.jpg?ver=20231114135651 150w, https:\/\/www.lachtal.at\/wp-content\/uploads\/2023\/11\/Slider01-200x88.jpg?ver=20231114135651 200w, https:\/\/www.lachtal.at\/wp-content\/uploads\/2023\/11\/Slider01-350x153.jpg?ver=20231114135651 350w, https:\/\/www.lachtal.at\/wp-content\/uploads\/2023\/11\/Slider01-400x175.jpg?ver=20231114135651 400w, https:\/\/www.lachtal.at\/wp-content\/uploads\/2023\/11\/Slider01-800x350.jpg?ver=20231114135651 800w, https:\/\/www.lachtal.at\/wp-content\/uploads\/2023\/11\/Slider01-650x284.jpg?ver=20231114135651 650w, https:\/\/www.lachtal.at\/wp-content\/uploads\/2023\/11\/Slider01-1300x569.jpg?ver=20231114135651 1300w, https:\/\/www.lachtal.at\/wp-content\/uploads\/2023\/11\/Slider01-412x180.jpg?ver=20231114135651 412w, https:\/\/www.lachtal.at\/wp-content\/uploads\/2023\/11\/Slider01-171x75.jpg?ver=20231114135651 171w, https:\/\/www.lachtal.at\/wp-content\/uploads\/2023\/11\/Slider01-229x100.jpg?ver=20231114135651 229w, https:\/\/www.lachtal.at\/wp-content\/uploads\/2023\/11\/Slider01-297x130.jpg?ver=20231114135651 297w, https:\/\/www.lachtal.at\/wp-content\/uploads\/2023\/11\/Slider01-457x200.jpg?ver=20231114135651 457w, https:\/\/www.lachtal.at\/wp-content\/uploads\/2023\/11\/Slider01-686x300.jpg?ver=20231114135651 686w, https:\/\/www.lachtal.at\/wp-content\/uploads\/2023\/11\/Slider01-914x400.jpg?ver=20231114135651 914w, https:\/\/www.lachtal.at\/wp-content\/uploads\/2023\/11\/Slider01-320x140.jpg?ver=20231114135651 320w, https:\/\/www.lachtal.at\/wp-content\/uploads\/2023\/11\/Slider01-438x192.jpg?ver=20231114135651 438w, https:\/\/www.lachtal.at\/wp-content\/uploads\/2023\/11\/Slider01-645x282.jpg?ver=20231114135651 645w, https:\/\/www.lachtal.at\/wp-content\/uploads\/2023\/11\/Slider01-271x119.jpg?ver=20231114135651 271w, https:\/\/www.lachtal.at\/wp-content\/uploads\/2023\/11\/Slider01-420x184.jpg?ver=20231114135651 420w, https:\/\/www.lachtal.at\/wp-content\/uploads\/2023\/11\/Slider01-1010x442.jpg?ver=20231114135651 1010w, https:\/\/www.lachtal.at\/wp-content\/uploads\/2023\/11\/Slider01-1350x591.jpg?ver=20231114135651 1350w, https:\/\/www.lachtal.at\/wp-content\/uploads\/2023\/11\/Slider01-690x302.jpg?ver=20231114135651 690w, https:\/\/www.lachtal.at\/wp-content\/uploads\/2023\/11\/Slider01-910x398.jpg?ver=20231114135651 910w, https:\/\/www.lachtal.at\/wp-content\/uploads\/2023\/11\/Slider01-560x245.jpg?ver=20231114135651 560w, https:\/\/www.lachtal.at\/wp-content\/uploads\/2023\/11\/Slider01.jpg?ver=20231114135651 1600w\" sizes=\"auto, (max-width: 250px) 100vw, 250px\" data-lightbox-title=\"Slider01\" data-lightbox-alt=\"\" data-lightbox-caption=\"\" data-lightbox-srcset=\"https:\/\/www.lachtal.at\/wp-content\/uploads\/2023\/11\/Slider01-250x109.jpg 250w, https:\/\/www.lachtal.at\/wp-content\/uploads\/2023\/11\/Slider01-300x131.jpg 300w, https:\/\/www.lachtal.at\/wp-content\/uploads\/2023\/11\/Slider01-768x336.jpg 768w, https:\/\/www.lachtal.at\/wp-content\/uploads\/2023\/11\/Slider01-1024x448.jpg 1024w, https:\/\/www.lachtal.at\/wp-content\/uploads\/2023\/11\/Slider01-1536x672.jpg 1536w, https:\/\/www.lachtal.at\/wp-content\/uploads\/2023\/11\/Slider01-183x80.jpg 183w, https:\/\/www.lachtal.at\/wp-content\/uploads\/2023\/11\/Slider01-150x66.jpg 150w, https:\/\/www.lachtal.at\/wp-content\/uploads\/2023\/11\/Slider01-200x88.jpg 200w, https:\/\/www.lachtal.at\/wp-content\/uploads\/2023\/11\/Slider01-350x153.jpg 350w, https:\/\/www.lachtal.at\/wp-content\/uploads\/2023\/11\/Slider01-400x175.jpg 400w, https:\/\/www.lachtal.at\/wp-content\/uploads\/2023\/11\/Slider01-800x350.jpg 800w, https:\/\/www.lachtal.at\/wp-content\/uploads\/2023\/11\/Slider01-650x284.jpg 650w, https:\/\/www.lachtal.at\/wp-content\/uploads\/2023\/11\/Slider01-1300x569.jpg 1300w, https:\/\/www.lachtal.at\/wp-content\/uploads\/2023\/11\/Slider01-412x180.jpg 412w, https:\/\/www.lachtal.at\/wp-content\/uploads\/2023\/11\/Slider01-171x75.jpg 171w, https:\/\/www.lachtal.at\/wp-content\/uploads\/2023\/11\/Slider01-229x100.jpg 229w, https:\/\/www.lachtal.at\/wp-content\/uploads\/2023\/11\/Slider01-297x130.jpg 297w, https:\/\/www.lachtal.at\/wp-content\/uploads\/2023\/11\/Slider01-457x200.jpg 457w, https:\/\/www.lachtal.at\/wp-content\/uploads\/2023\/11\/Slider01-686x300.jpg 686w, https:\/\/www.lachtal.at\/wp-content\/uploads\/2023\/11\/Slider01-914x400.jpg 914w, https:\/\/www.lachtal.at\/wp-content\/uploads\/2023\/11\/Slider01-320x140.jpg 320w, https:\/\/www.lachtal.at\/wp-content\/uploads\/2023\/11\/Slider01-438x192.jpg 438w, https:\/\/www.lachtal.at\/wp-content\/uploads\/2023\/11\/Slider01-645x282.jpg 645w, https:\/\/www.lachtal.at\/wp-content\/uploads\/2023\/11\/Slider01-271x119.jpg 271w, https:\/\/www.lachtal.at\/wp-content\/uploads\/2023\/11\/Slider01-420x184.jpg 420w, https:\/\/www.lachtal.at\/wp-content\/uploads\/2023\/11\/Slider01-1010x442.jpg 1010w, https:\/\/www.lachtal.at\/wp-content\/uploads\/2023\/11\/Slider01-1350x591.jpg 1350w, https:\/\/www.lachtal.at\/wp-content\/uploads\/2023\/11\/Slider01-690x302.jpg 690w, https:\/\/www.lachtal.at\/wp-content\/uploads\/2023\/11\/Slider01-910x398.jpg 910w, https:\/\/www.lachtal.at\/wp-content\/uploads\/2023\/11\/Slider01-560x245.jpg 560w, https:\/\/www.lachtal.at\/wp-content\/uploads\/2023\/11\/Slider01.jpg 1600w\" data-lightbox-width=\"1600\" data-lightbox-height=\"700\" data-lightbox-thumb-src=\"https:\/\/www.lachtal.at\/wp-content\/uploads\/2023\/11\/Slider01-250x109.jpg\" data-lightbox-thumb-cropped=\"true\" data-lightbox-setup-ready=\"true\" \/>\t\t\t<\/p>\n<h3 class=\"h5\">Tipp:<\/h3>\n<h3 class=\"h4\">\u201eLieblings-Steirer SommerCard\u201c<\/h3>\n<p>Kreischberg \u00e9s Lachtal <strong>ny\u00e1ri szezonb\u00e9rlet<\/strong> 80.- euro-ba (t\u00e9li szezonb\u00e9rlettel rendelkez\u0151knek csak 40.- euro-ba) ker\u00fcl !<\/p>\n<\/p><\/div>\n<\/p><\/div>\n<div class=\"acf-fc-column acf-fc-column-1\">\n<h3>Let\u00f6lt\u00e9sek<\/h3>\n<\/p><\/div>\n<div class=\"acf-fc-column acf-fc-column-1\">\n<p style=\"text-align: center;\"><a class=\"button-invers\" href=\"https:\/\/www.lachtal.at\/wp-content\/uploads\/2024\/05\/LS_SommerProspekt_2024_Ansicht.pdf\" target=\"_blank\" rel=\"noopener\">Lieblings-Steirer ny\u00e1ri prospektus (PDF, 16.825 kB)<\/a><\/p>\n<p><a href=\"https:\/\/www.lachtal.at\/wp-content\/uploads\/2024\/05\/LS_SommerProspekt_2024_Titelseite.jpg\"><img loading=\"lazy\" decoding=\"async\" class=\"aligncenter size-content_small wp-image-2056\" src=\"https:\/\/www.lachtal.at\/wp-content\/uploads\/2024\/05\/LS_SommerProspekt_2024_Titelseite-250x353.jpg\" alt=\"\" width=\"250\" height=\"353\" srcset=\"https:\/\/www.lachtal.at\/wp-content\/uploads\/2024\/05\/LS_SommerProspekt_2024_Titelseite-250x353.jpg 250w, https:\/\/www.lachtal.at\/wp-content\/uploads\/2024\/05\/LS_SommerProspekt_2024_Titelseite-212x300.jpg 212w, https:\/\/www.lachtal.at\/wp-content\/uploads\/2024\/05\/LS_SommerProspekt_2024_Titelseite-57x80.jpg 57w, https:\/\/www.lachtal.at\/wp-content\/uploads\/2024\/05\/LS_SommerProspekt_2024_Titelseite-150x212.jpg 150w, https:\/\/www.lachtal.at\/wp-content\/uploads\/2024\/05\/LS_SommerProspekt_2024_Titelseite-200x283.jpg 200w, https:\/\/www.lachtal.at\/wp-content\/uploads\/2024\/05\/LS_SommerProspekt_2024_Titelseite-300x424.jpg 300w, https:\/\/www.lachtal.at\/wp-content\/uploads\/2024\/05\/LS_SommerProspekt_2024_Titelseite-350x495.jpg 350w, https:\/\/www.lachtal.at\/wp-content\/uploads\/2024\/05\/LS_SommerProspekt_2024_Titelseite-400x566.jpg 400w, https:\/\/www.lachtal.at\/wp-content\/uploads\/2024\/05\/LS_SommerProspekt_2024_Titelseite-412x583.jpg 412w, https:\/\/www.lachtal.at\/wp-content\/uploads\/2024\/05\/LS_SommerProspekt_2024_Titelseite-53x75.jpg 53w, https:\/\/www.lachtal.at\/wp-content\/uploads\/2024\/05\/LS_SommerProspekt_2024_Titelseite-71x100.jpg 71w, https:\/\/www.lachtal.at\/wp-content\/uploads\/2024\/05\/LS_SommerProspekt_2024_Titelseite-92x130.jpg 92w, https:\/\/www.lachtal.at\/wp-content\/uploads\/2024\/05\/LS_SommerProspekt_2024_Titelseite-141x200.jpg 141w, https:\/\/www.lachtal.at\/wp-content\/uploads\/2024\/05\/LS_SommerProspekt_2024_Titelseite-283x400.jpg 283w, https:\/\/www.lachtal.at\/wp-content\/uploads\/2024\/05\/LS_SommerProspekt_2024_Titelseite-99x140.jpg 99w, https:\/\/www.lachtal.at\/wp-content\/uploads\/2024\/05\/LS_SommerProspekt_2024_Titelseite-438x619.jpg 438w, https:\/\/www.lachtal.at\/wp-content\/uploads\/2024\/05\/LS_SommerProspekt_2024_Titelseite-271x383.jpg 271w, https:\/\/www.lachtal.at\/wp-content\/uploads\/2024\/05\/LS_SommerProspekt_2024_Titelseite-420x594.jpg 420w, https:\/\/www.lachtal.at\/wp-content\/uploads\/2024\/05\/LS_SommerProspekt_2024_Titelseite-560x792.jpg 560w, https:\/\/www.lachtal.at\/wp-content\/uploads\/2024\/05\/LS_SommerProspekt_2024_Titelseite.jpg 621w\" sizes=\"auto, (max-width: 250px) 100vw, 250px\" data-lightbox-title=\"LS_SommerProspekt_2024_Titelseite\" data-lightbox-alt=\"\" data-lightbox-caption=\"\" data-lightbox-srcset=\"https:\/\/www.lachtal.at\/wp-content\/uploads\/2024\/05\/LS_SommerProspekt_2024_Titelseite-250x353.jpg 250w, https:\/\/www.lachtal.at\/wp-content\/uploads\/2024\/05\/LS_SommerProspekt_2024_Titelseite-212x300.jpg 212w, https:\/\/www.lachtal.at\/wp-content\/uploads\/2024\/05\/LS_SommerProspekt_2024_Titelseite-57x80.jpg 57w, https:\/\/www.lachtal.at\/wp-content\/uploads\/2024\/05\/LS_SommerProspekt_2024_Titelseite-150x212.jpg 150w, https:\/\/www.lachtal.at\/wp-content\/uploads\/2024\/05\/LS_SommerProspekt_2024_Titelseite-200x283.jpg 200w, https:\/\/www.lachtal.at\/wp-content\/uploads\/2024\/05\/LS_SommerProspekt_2024_Titelseite-300x424.jpg 300w, https:\/\/www.lachtal.at\/wp-content\/uploads\/2024\/05\/LS_SommerProspekt_2024_Titelseite-350x495.jpg 350w, https:\/\/www.lachtal.at\/wp-content\/uploads\/2024\/05\/LS_SommerProspekt_2024_Titelseite-400x566.jpg 400w, https:\/\/www.lachtal.at\/wp-content\/uploads\/2024\/05\/LS_SommerProspekt_2024_Titelseite-412x583.jpg 412w, https:\/\/www.lachtal.at\/wp-content\/uploads\/2024\/05\/LS_SommerProspekt_2024_Titelseite-53x75.jpg 53w, https:\/\/www.lachtal.at\/wp-content\/uploads\/2024\/05\/LS_SommerProspekt_2024_Titelseite-71x100.jpg 71w, https:\/\/www.lachtal.at\/wp-content\/uploads\/2024\/05\/LS_SommerProspekt_2024_Titelseite-92x130.jpg 92w, https:\/\/www.lachtal.at\/wp-content\/uploads\/2024\/05\/LS_SommerProspekt_2024_Titelseite-141x200.jpg 141w, https:\/\/www.lachtal.at\/wp-content\/uploads\/2024\/05\/LS_SommerProspekt_2024_Titelseite-283x400.jpg 283w, https:\/\/www.lachtal.at\/wp-content\/uploads\/2024\/05\/LS_SommerProspekt_2024_Titelseite-99x140.jpg 99w, https:\/\/www.lachtal.at\/wp-content\/uploads\/2024\/05\/LS_SommerProspekt_2024_Titelseite-438x619.jpg 438w, https:\/\/www.lachtal.at\/wp-content\/uploads\/2024\/05\/LS_SommerProspekt_2024_Titelseite-271x383.jpg 271w, https:\/\/www.lachtal.at\/wp-content\/uploads\/2024\/05\/LS_SommerProspekt_2024_Titelseite-420x594.jpg 420w, https:\/\/www.lachtal.at\/wp-content\/uploads\/2024\/05\/LS_SommerProspekt_2024_Titelseite-560x792.jpg 560w, https:\/\/www.lachtal.at\/wp-content\/uploads\/2024\/05\/LS_SommerProspekt_2024_Titelseite.jpg 621w\" data-lightbox-width=\"621\" data-lightbox-height=\"878\" data-lightbox-thumb-src=\"https:\/\/www.lachtal.at\/wp-content\/uploads\/2024\/05\/LS_SommerProspekt_2024_Titelseite-250x353.jpg\" data-lightbox-thumb-cropped=\"true\" data-lightbox-setup-ready=\"true\" \/><\/a><\/p>\n<\/p><\/div>\n<div class=\"acf-fc-column acf-fc-column-2\">\n<p style=\"text-align: center;\"><a class=\"button-invers\" href=\"https:\/\/www.lachtal.at\/wp-content\/uploads\/2024\/05\/Panorama_LT_Sommer_A3_2024_Ansicht.pdf\" target=\"_blank\" rel=\"noopener\">Lachtal ny\u00e1ri panor\u00e1ma (PDF, 4.813 kB)<\/a><\/p>\n<p><a href=\"https:\/\/www.lachtal.at\/wp-content\/uploads\/2025\/05\/Panorama_LT_Sommer_A3_2025.pdf\" target=\"_blank\" rel=\"noopener\"><img loading=\"lazy\" decoding=\"async\" class=\"aligncenter wp-image-2050 size-content_large\" src=\"https:\/\/www.lachtal.at\/wp-content\/uploads\/2024\/05\/Panorama_LT_Sommer_A3_2024_Ansicht-350x248.jpg\" alt=\"\" width=\"350\" height=\"248\" srcset=\"https:\/\/www.lachtal.at\/wp-content\/uploads\/2024\/05\/Panorama_LT_Sommer_A3_2024_Ansicht-350x248.jpg 350w, https:\/\/www.lachtal.at\/wp-content\/uploads\/2024\/05\/Panorama_LT_Sommer_A3_2024_Ansicht-300x212.jpg 300w, https:\/\/www.lachtal.at\/wp-content\/uploads\/2024\/05\/Panorama_LT_Sommer_A3_2024_Ansicht-768x543.jpg 768w, https:\/\/www.lachtal.at\/wp-content\/uploads\/2024\/05\/Panorama_LT_Sommer_A3_2024_Ansicht-1024x724.jpg 1024w, https:\/\/www.lachtal.at\/wp-content\/uploads\/2024\/05\/Panorama_LT_Sommer_A3_2024_Ansicht-1536x1086.jpg 1536w, https:\/\/www.lachtal.at\/wp-content\/uploads\/2024\/05\/Panorama_LT_Sommer_A3_2024_Ansicht-113x80.jpg 113w, https:\/\/www.lachtal.at\/wp-content\/uploads\/2024\/05\/Panorama_LT_Sommer_A3_2024_Ansicht-150x106.jpg 150w, https:\/\/www.lachtal.at\/wp-content\/uploads\/2024\/05\/Panorama_LT_Sommer_A3_2024_Ansicht-200x141.jpg 200w, https:\/\/www.lachtal.at\/wp-content\/uploads\/2024\/05\/Panorama_LT_Sommer_A3_2024_Ansicht-250x177.jpg 250w, https:\/\/www.lachtal.at\/wp-content\/uploads\/2024\/05\/Panorama_LT_Sommer_A3_2024_Ansicht-400x283.jpg 400w, https:\/\/www.lachtal.at\/wp-content\/uploads\/2024\/05\/Panorama_LT_Sommer_A3_2024_Ansicht-800x566.jpg 800w, https:\/\/www.lachtal.at\/wp-content\/uploads\/2024\/05\/Panorama_LT_Sommer_A3_2024_Ansicht-650x460.jpg 650w, https:\/\/www.lachtal.at\/wp-content\/uploads\/2024\/05\/Panorama_LT_Sommer_A3_2024_Ansicht-1300x919.jpg 1300w, https:\/\/www.lachtal.at\/wp-content\/uploads\/2024\/05\/Panorama_LT_Sommer_A3_2024_Ansicht-412x291.jpg 412w, https:\/\/www.lachtal.at\/wp-content\/uploads\/2024\/05\/Panorama_LT_Sommer_A3_2024_Ansicht-106x75.jpg 106w, https:\/\/www.lachtal.at\/wp-content\/uploads\/2024\/05\/Panorama_LT_Sommer_A3_2024_Ansicht-141x100.jpg 141w, https:\/\/www.lachtal.at\/wp-content\/uploads\/2024\/05\/Panorama_LT_Sommer_A3_2024_Ansicht-184x130.jpg 184w, https:\/\/www.lachtal.at\/wp-content\/uploads\/2024\/05\/Panorama_LT_Sommer_A3_2024_Ansicht-283x200.jpg 283w, https:\/\/www.lachtal.at\/wp-content\/uploads\/2024\/05\/Panorama_LT_Sommer_A3_2024_Ansicht-424x300.jpg 424w, https:\/\/www.lachtal.at\/wp-content\/uploads\/2024\/05\/Panorama_LT_Sommer_A3_2024_Ansicht-566x400.jpg 566w, https:\/\/www.lachtal.at\/wp-content\/uploads\/2024\/05\/Panorama_LT_Sommer_A3_2024_Ansicht-198x140.jpg 198w, https:\/\/www.lachtal.at\/wp-content\/uploads\/2024\/05\/Panorama_LT_Sommer_A3_2024_Ansicht-438x310.jpg 438w, https:\/\/www.lachtal.at\/wp-content\/uploads\/2024\/05\/Panorama_LT_Sommer_A3_2024_Ansicht-645x456.jpg 645w, https:\/\/www.lachtal.at\/wp-content\/uploads\/2024\/05\/Panorama_LT_Sommer_A3_2024_Ansicht-271x192.jpg 271w, https:\/\/www.lachtal.at\/wp-content\/uploads\/2024\/05\/Panorama_LT_Sommer_A3_2024_Ansicht-420x297.jpg 420w, https:\/\/www.lachtal.at\/wp-content\/uploads\/2024\/05\/Panorama_LT_Sommer_A3_2024_Ansicht-1010x714.jpg 1010w, https:\/\/www.lachtal.at\/wp-content\/uploads\/2024\/05\/Panorama_LT_Sommer_A3_2024_Ansicht-1350x955.jpg 1350w, https:\/\/www.lachtal.at\/wp-content\/uploads\/2024\/05\/Panorama_LT_Sommer_A3_2024_Ansicht-690x488.jpg 690w, https:\/\/www.lachtal.at\/wp-content\/uploads\/2024\/05\/Panorama_LT_Sommer_A3_2024_Ansicht-910x644.jpg 910w, https:\/\/www.lachtal.at\/wp-content\/uploads\/2024\/05\/Panorama_LT_Sommer_A3_2024_Ansicht-560x396.jpg 560w, https:\/\/www.lachtal.at\/wp-content\/uploads\/2024\/05\/Panorama_LT_Sommer_A3_2024_Ansicht.jpg 1920w\" sizes=\"auto, (max-width: 350px) 100vw, 350px\" data-lightbox-title=\"Panorama_LT_Sommer_A3_2024_Ansicht\" data-lightbox-alt=\"\" data-lightbox-caption=\"\" data-lightbox-srcset=\"https:\/\/www.lachtal.at\/wp-content\/uploads\/2024\/05\/Panorama_LT_Sommer_A3_2024_Ansicht-250x177.jpg 250w, https:\/\/www.lachtal.at\/wp-content\/uploads\/2024\/05\/Panorama_LT_Sommer_A3_2024_Ansicht-300x212.jpg 300w, https:\/\/www.lachtal.at\/wp-content\/uploads\/2024\/05\/Panorama_LT_Sommer_A3_2024_Ansicht-768x543.jpg 768w, https:\/\/www.lachtal.at\/wp-content\/uploads\/2024\/05\/Panorama_LT_Sommer_A3_2024_Ansicht-1024x724.jpg 1024w, https:\/\/www.lachtal.at\/wp-content\/uploads\/2024\/05\/Panorama_LT_Sommer_A3_2024_Ansicht-1536x1086.jpg 1536w, https:\/\/www.lachtal.at\/wp-content\/uploads\/2024\/05\/Panorama_LT_Sommer_A3_2024_Ansicht-113x80.jpg 113w, https:\/\/www.lachtal.at\/wp-content\/uploads\/2024\/05\/Panorama_LT_Sommer_A3_2024_Ansicht-150x106.jpg 150w, https:\/\/www.lachtal.at\/wp-content\/uploads\/2024\/05\/Panorama_LT_Sommer_A3_2024_Ansicht-200x141.jpg 200w, https:\/\/www.lachtal.at\/wp-content\/uploads\/2024\/05\/Panorama_LT_Sommer_A3_2024_Ansicht-350x248.jpg 350w, https:\/\/www.lachtal.at\/wp-content\/uploads\/2024\/05\/Panorama_LT_Sommer_A3_2024_Ansicht-400x283.jpg 400w, https:\/\/www.lachtal.at\/wp-content\/uploads\/2024\/05\/Panorama_LT_Sommer_A3_2024_Ansicht-800x566.jpg 800w, https:\/\/www.lachtal.at\/wp-content\/uploads\/2024\/05\/Panorama_LT_Sommer_A3_2024_Ansicht-650x460.jpg 650w, https:\/\/www.lachtal.at\/wp-content\/uploads\/2024\/05\/Panorama_LT_Sommer_A3_2024_Ansicht-1300x919.jpg 1300w, https:\/\/www.lachtal.at\/wp-content\/uploads\/2024\/05\/Panorama_LT_Sommer_A3_2024_Ansicht-412x291.jpg 412w, https:\/\/www.lachtal.at\/wp-content\/uploads\/2024\/05\/Panorama_LT_Sommer_A3_2024_Ansicht-106x75.jpg 106w, https:\/\/www.lachtal.at\/wp-content\/uploads\/2024\/05\/Panorama_LT_Sommer_A3_2024_Ansicht-141x100.jpg 141w, https:\/\/www.lachtal.at\/wp-content\/uploads\/2024\/05\/Panorama_LT_Sommer_A3_2024_Ansicht-184x130.jpg 184w, https:\/\/www.lachtal.at\/wp-content\/uploads\/2024\/05\/Panorama_LT_Sommer_A3_2024_Ansicht-283x200.jpg 283w, https:\/\/www.lachtal.at\/wp-content\/uploads\/2024\/05\/Panorama_LT_Sommer_A3_2024_Ansicht-424x300.jpg 424w, https:\/\/www.lachtal.at\/wp-content\/uploads\/2024\/05\/Panorama_LT_Sommer_A3_2024_Ansicht-566x400.jpg 566w, https:\/\/www.lachtal.at\/wp-content\/uploads\/2024\/05\/Panorama_LT_Sommer_A3_2024_Ansicht-198x140.jpg 198w, https:\/\/www.lachtal.at\/wp-content\/uploads\/2024\/05\/Panorama_LT_Sommer_A3_2024_Ansicht-438x310.jpg 438w, https:\/\/www.lachtal.at\/wp-content\/uploads\/2024\/05\/Panorama_LT_Sommer_A3_2024_Ansicht-645x456.jpg 645w, https:\/\/www.lachtal.at\/wp-content\/uploads\/2024\/05\/Panorama_LT_Sommer_A3_2024_Ansicht-271x192.jpg 271w, https:\/\/www.lachtal.at\/wp-content\/uploads\/2024\/05\/Panorama_LT_Sommer_A3_2024_Ansicht-420x297.jpg 420w, https:\/\/www.lachtal.at\/wp-content\/uploads\/2024\/05\/Panorama_LT_Sommer_A3_2024_Ansicht-1010x714.jpg 1010w, https:\/\/www.lachtal.at\/wp-content\/uploads\/2024\/05\/Panorama_LT_Sommer_A3_2024_Ansicht-1350x955.jpg 1350w, https:\/\/www.lachtal.at\/wp-content\/uploads\/2024\/05\/Panorama_LT_Sommer_A3_2024_Ansicht-690x488.jpg 690w, https:\/\/www.lachtal.at\/wp-content\/uploads\/2024\/05\/Panorama_LT_Sommer_A3_2024_Ansicht-910x644.jpg 910w, https:\/\/www.lachtal.at\/wp-content\/uploads\/2024\/05\/Panorama_LT_Sommer_A3_2024_Ansicht-560x396.jpg 560w, https:\/\/www.lachtal.at\/wp-content\/uploads\/2024\/05\/Panorama_LT_Sommer_A3_2024_Ansicht.jpg 1920w\" data-lightbox-width=\"1920\" data-lightbox-height=\"1358\" data-lightbox-thumb-src=\"https:\/\/www.lachtal.at\/wp-content\/uploads\/2024\/05\/Panorama_LT_Sommer_A3_2024_Ansicht-250x177.jpg\" data-lightbox-thumb-cropped=\"true\" data-lightbox-setup-ready=\"true\" \/><\/a><\/p>\n<\/p><\/div>\n","protected":false},"excerpt":{"rendered":"<p>Ny\u00e1r Lachtal ny\u00e1ron is kedvelt \u00fatic\u00e9l, ide\u00e1lis fekv\u00e9s\u00e9vel \u00e9s hatalmas ter\u00fclet\u00e9vel idevonzza a t\u00far\u00e1zni v\u00e1gy\u00f3kat. A lachtal-i 6-szem\u00e9lyes \u00fcl\u0151 lift 2.000 m\u00e9ter magasba visz fel. A hegy\u00e1llom\u00e1s ide\u00e1lis kiindul\u00f3pont egy kit\u0171n\u0151 t\u00far\u00e1hoz \u2013 vezessen ak\u00e1r a cs\u00facsra vagy a gerincen \u00e1t \u2013 amelyhez csod\u00e1s panor\u00e1ma is t\u00e1rsul. \u00c1rak Itt \u00e9rv\u00e9nyes a Steiermark-Card! Itt \u00e9rv\u00e9nyes a [&hellip;]<\/p>\n","protected":false},"author":4,"featured_media":925,"parent":0,"menu_order":0,"comment_status":"closed","ping_status":"closed","template":"","meta":{"_acf_changed":false,"footnotes":""},"class_list":["post-1409","page","type-page","status-publish","has-post-thumbnail","hentry"],"acf":[],"_links":{"self":[{"href":"https:\/\/www.lachtal.at\/hu\/wp-json\/wp\/v2\/pages\/1409","targetHints":{"allow":["GET"]}}],"collection":[{"href":"https:\/\/www.lachtal.at\/hu\/wp-json\/wp\/v2\/pages"}],"about":[{"href":"https:\/\/www.lachtal.at\/hu\/wp-json\/wp\/v2\/types\/page"}],"author":[{"embeddable":true,"href":"https:\/\/www.lachtal.at\/hu\/wp-json\/wp\/v2\/users\/4"}],"replies":[{"embeddable":true,"href":"https:\/\/www.lachtal.at\/hu\/wp-json\/wp\/v2\/comments?post=1409"}],"version-history":[{"count":16,"href":"https:\/\/www.lachtal.at\/hu\/wp-json\/wp\/v2\/pages\/1409\/revisions"}],"predecessor-version":[{"id":3096,"href":"https:\/\/www.lachtal.at\/hu\/wp-json\/wp\/v2\/pages\/1409\/revisions\/3096"}],"wp:featuredmedia":[{"embeddable":true,"href":"https:\/\/www.lachtal.at\/hu\/wp-json\/wp\/v2\/media\/925"}],"wp:attachment":[{"href":"https:\/\/www.lachtal.at\/hu\/wp-json\/wp\/v2\/media?parent=1409"}],"curies":[{"name":"wp","href":"https:\/\/api.w.org\/{rel}","templated":true}]}}